{"version":"1.0","provider_name":"Media4Change","provider_url":"https:\/\/www.media4change.co\/lt\/","title":"Tarptautin\u012f projekt\u0105 u\u017ebaig\u0117 partneri\u0173 susitikimas Lietuvoje - Media4Change","type":"rich","width":600,"height":338,"html":"<blockquote class=\"wp-embedded-content\" data-secret=\"pWsikH1cbq\"><a href=\"https:\/\/www.media4change.co\/lt\/tarptautini-projekta-uzbaige-partneriu-susitikimas-lietuvoje\/\">Tarptautin\u012f projekt\u0105 u\u017ebaig\u0117 partneri\u0173 susitikimas Lietuvoje<\/a><\/blockquote><iframe sandbox=\"allow-scripts\" security=\"restricted\" src=\"https:\/\/www.media4change.co\/lt\/tarptautini-projekta-uzbaige-partneriu-susitikimas-lietuvoje\/embed\/#?secret=pWsikH1cbq\" width=\"600\" height=\"338\" title=\"&#8220;Tarptautin\u012f projekt\u0105 u\u017ebaig\u0117 partneri\u0173 susitikimas Lietuvoje&#8221; &#8212; Media4Change\" data-secret=\"pWsikH1cbq\" frameborder=\"0\" marginwidth=\"0\" marginheight=\"0\" scrolling=\"no\" class=\"wp-embedded-content\"><\/iframe><script type=\"text\/javascript\">\n\/* <![CDATA[ *\/\n\/*! This file is auto-generated *\/\n!function(d,l){\"use strict\";l.querySelector&&d.addEventListener&&\"undefined\"!=typeof URL&&(d.wp=d.wp||{},d.wp.receiveEmbedMessage||(d.wp.receiveEmbedMessage=function(e){var t=e.data;if((t||t.secret||t.message||t.value)&&!\/[^a-zA-Z0-9]\/.test(t.secret)){for(var s,r,n,a=l.querySelectorAll('iframe[data-secret=\"'+t.secret+'\"]'),o=l.querySelectorAll('blockquote[data-secret=\"'+t.secret+'\"]'),c=new RegExp(\"^https?:$\",\"i\"),i=0;i<o.length;i++)o[i].style.display=\"none\";for(i=0;i<a.length;i++)s=a[i],e.source===s.contentWindow&&(s.removeAttribute(\"style\"),\"height\"===t.message?(1e3<(r=parseInt(t.value,10))?r=1e3:~~r<200&&(r=200),s.height=r):\"link\"===t.message&&(r=new URL(s.getAttribute(\"src\")),n=new URL(t.value),c.test(n.protocol))&&n.host===r.host&&l.activeElement===s&&(d.top.location.href=t.value))}},d.addEventListener(\"message\",d.wp.receiveEmbedMessage,!1),l.addEventListener(\"DOMContentLoaded\",function(){for(var e,t,s=l.querySelectorAll(\"iframe.wp-embedded-content\"),r=0;r<s.length;r++)(t=(e=s[r]).getAttribute(\"data-secret\"))||(t=Math.random().toString(36).substring(2,12),e.src+=\"#?secret=\"+t,e.setAttribute(\"data-secret\",t)),e.contentWindow.postMessage({message:\"ready\",secret:t},\"*\")},!1)))}(window,document);\n\/\/# sourceURL=https:\/\/www.media4change.co\/wp-includes\/js\/wp-embed.min.js\n\/* ]]> *\/\n<\/script>\n","thumbnail_url":"https:\/\/mlunklm8xjeu.i.optimole.com\/w:285\/h:187\/q:mauto\/f:best\/https:\/\/www.media4change.co\/wp-content\/uploads\/2021\/01\/DSC01194-285x187-1.jpg","thumbnail_width":285,"thumbnail_height":187,"description":"Sausio 17-20 dienomomis Lietuvoje vyko paskutinis projekto \u201e\u017dmogaus teisi\u0173 adresas \u2013 \u017eurnalistika\u201d partneri\u0173 susitikimas. Tarptautinis projektas, geriau \u017einomas Media4change vardu t\u0119s\u0117si du metus ir jung\u0117 partnerius i\u0161 Lietuvos, Bulgarijos, Italijos, Ispanijos, Latvijos bei Did\u017eiosios Britanijos. Susitikim\u0105 vainikavusi rezultat\u0173 sklaidos konferencija sulauk\u0117 mil\u017eini\u0161ko d\u0117m\u0117sio ir paskatino teigiamus poky\u010dius. \u201eI\u0161 karto po pa\u017eeid\u017eiam\u0173 grupi\u0173 vaizdavimo \u017einiasklaidoje tyrimo pristatymo, \u017eurnalistai keit\u0117 savo \u012fprast\u0105 naratyv\u0105 ir atsi\u017evelg\u0117 \u012f konferencijos metu i\u0161sakytas rekomendacijas. Tokios reakcijos duoda vil\u010di\u0173 pa\u017eeid\u017eiam\u0173 grupi\u0173 vaizdavimo ger\u0117jimui\u201d, \u2013 sak\u0117 projekto vadov\u0117, Nacionalinio socialin\u0117s integracijos isntituto direktor\u0117 Neringa Jur\u010diukonyt\u0117."}