{"version":"1.0","provider_name":"Media4Change","provider_url":"https:\/\/www.media4change.co\/lt\/","title":"Speciali\u0173j\u0173 poreiki\u0173 turintys mokiniai \u2013 t\u0117v\u0173 ir mokytoj\u0173 siaubas? - Media4Change","type":"rich","width":600,"height":338,"html":"<blockquote class=\"wp-embedded-content\" data-secret=\"WrDTTYIrA7\"><a href=\"https:\/\/www.media4change.co\/lt\/specialiuju-poreikiu-turintys-mokiniai-tevu-ir-mokytoju-siaubas\/\">Speciali\u0173j\u0173 poreiki\u0173 turintys mokiniai \u2013 t\u0117v\u0173 ir mokytoj\u0173 siaubas?<\/a><\/blockquote><iframe sandbox=\"allow-scripts\" security=\"restricted\" src=\"https:\/\/www.media4change.co\/lt\/specialiuju-poreikiu-turintys-mokiniai-tevu-ir-mokytoju-siaubas\/embed\/#?secret=WrDTTYIrA7\" width=\"600\" height=\"338\" title=\"&#8220;Speciali\u0173j\u0173 poreiki\u0173 turintys mokiniai \u2013 t\u0117v\u0173 ir mokytoj\u0173 siaubas?&#8221; &#8212; Media4Change\" data-secret=\"WrDTTYIrA7\" frameborder=\"0\" marginwidth=\"0\" marginheight=\"0\" scrolling=\"no\" class=\"wp-embedded-content\"><\/iframe><script type=\"text\/javascript\">\n\/* <![CDATA[ *\/\n\/*! This file is auto-generated *\/\n!function(d,l){\"use strict\";l.querySelector&&d.addEventListener&&\"undefined\"!=typeof URL&&(d.wp=d.wp||{},d.wp.receiveEmbedMessage||(d.wp.receiveEmbedMessage=function(e){var t=e.data;if((t||t.secret||t.message||t.value)&&!\/[^a-zA-Z0-9]\/.test(t.secret)){for(var s,r,n,a=l.querySelectorAll('iframe[data-secret=\"'+t.secret+'\"]'),o=l.querySelectorAll('blockquote[data-secret=\"'+t.secret+'\"]'),c=new RegExp(\"^https?:$\",\"i\"),i=0;i<o.length;i++)o[i].style.display=\"none\";for(i=0;i<a.length;i++)s=a[i],e.source===s.contentWindow&&(s.removeAttribute(\"style\"),\"height\"===t.message?(1e3<(r=parseInt(t.value,10))?r=1e3:~~r<200&&(r=200),s.height=r):\"link\"===t.message&&(r=new URL(s.getAttribute(\"src\")),n=new URL(t.value),c.test(n.protocol))&&n.host===r.host&&l.activeElement===s&&(d.top.location.href=t.value))}},d.addEventListener(\"message\",d.wp.receiveEmbedMessage,!1),l.addEventListener(\"DOMContentLoaded\",function(){for(var e,t,s=l.querySelectorAll(\"iframe.wp-embedded-content\"),r=0;r<s.length;r++)(t=(e=s[r]).getAttribute(\"data-secret\"))||(t=Math.random().toString(36).substring(2,12),e.src+=\"#?secret=\"+t,e.setAttribute(\"data-secret\",t)),e.contentWindow.postMessage({message:\"ready\",secret:t},\"*\")},!1)))}(window,document);\n\/\/# sourceURL=https:\/\/www.media4change.co\/wp-includes\/js\/wp-embed.min.js\n\/* ]]> *\/\n<\/script>\n","thumbnail_url":"https:\/\/mlunklm8xjeu.i.optimole.com\/w:285\/h:187\/q:mauto\/f:best\/https:\/\/www.media4change.co\/wp-content\/uploads\/2021\/01\/specialusis-svietimas-285x187-1.jpg","thumbnail_width":285,"thumbnail_height":187,"description":"Ne paslaptis, kad vaikai, turintys speciali\u0173j\u0173poreiki\u0173, n\u0117ra patys laukiamiausi mokiniai mokyklose. Administracija priversta sukti galv\u0105 d\u0117l papildomos pagalbos, mokytojams tr\u016bksta \u017eini\u0173 ir \u012fg\u016bd\u017ei\u0173 dirbti su tokiais mokiniais, o t\u0117vai visaip kaip stengiasi, kad \u201ekitoks\u201c bendraklasis netrukdyt\u0173 j\u0173 vaikams skland\u017eiai mokytis ir jaustis saugiai. \u0160vietimo ir mokslo ministerija (\u0160MM), sekdama geraisiais Vakar\u0173 pasaulio pavyzd\u017eiais, \u017eada suma\u017einti specialiose mokyklose besimokan\u010di\u0173 vaik\u0173 skai\u010di\u0173, ta\u010diau patirtis rodo, kad neu\u017etikrinus reikiamos pagalbos ir paslaug\u0173 tokiems vaikams integruoti, suprie\u0161inama mokyklos bendruomen\u0117 ir ken\u010dia visos procese dalyvaujan\u010dios pus\u0117s."}