{"version":"1.0","provider_name":"Media4Change","provider_url":"https:\/\/www.media4change.co\/lt\/","title":"Rugs\u0117jis: socialin\u0117s atskirties grupi\u0173 vaizdavimas \u017einiasklaidoje - Media4Change","type":"rich","width":600,"height":338,"html":"<blockquote class=\"wp-embedded-content\" data-secret=\"qUKpzBQuet\"><a href=\"https:\/\/www.media4change.co\/lt\/rugsejis-socialines-atskirties-grupiu-vaizdavimas-ziniasklaidoje\/\">Rugs\u0117jis: socialin\u0117s atskirties grupi\u0173 vaizdavimas \u017einiasklaidoje<\/a><\/blockquote><iframe sandbox=\"allow-scripts\" security=\"restricted\" src=\"https:\/\/www.media4change.co\/lt\/rugsejis-socialines-atskirties-grupiu-vaizdavimas-ziniasklaidoje\/embed\/#?secret=qUKpzBQuet\" width=\"600\" height=\"338\" title=\"&#8220;Rugs\u0117jis: socialin\u0117s atskirties grupi\u0173 vaizdavimas \u017einiasklaidoje&#8221; &#8212; Media4Change\" data-secret=\"qUKpzBQuet\" frameborder=\"0\" marginwidth=\"0\" marginheight=\"0\" scrolling=\"no\" class=\"wp-embedded-content\"><\/iframe><script type=\"text\/javascript\">\n\/* <![CDATA[ *\/\n\/*! This file is auto-generated *\/\n!function(d,l){\"use strict\";l.querySelector&&d.addEventListener&&\"undefined\"!=typeof URL&&(d.wp=d.wp||{},d.wp.receiveEmbedMessage||(d.wp.receiveEmbedMessage=function(e){var t=e.data;if((t||t.secret||t.message||t.value)&&!\/[^a-zA-Z0-9]\/.test(t.secret)){for(var s,r,n,a=l.querySelectorAll('iframe[data-secret=\"'+t.secret+'\"]'),o=l.querySelectorAll('blockquote[data-secret=\"'+t.secret+'\"]'),c=new RegExp(\"^https?:$\",\"i\"),i=0;i<o.length;i++)o[i].style.display=\"none\";for(i=0;i<a.length;i++)s=a[i],e.source===s.contentWindow&&(s.removeAttribute(\"style\"),\"height\"===t.message?(1e3<(r=parseInt(t.value,10))?r=1e3:~~r<200&&(r=200),s.height=r):\"link\"===t.message&&(r=new URL(s.getAttribute(\"src\")),n=new URL(t.value),c.test(n.protocol))&&n.host===r.host&&l.activeElement===s&&(d.top.location.href=t.value))}},d.addEventListener(\"message\",d.wp.receiveEmbedMessage,!1),l.addEventListener(\"DOMContentLoaded\",function(){for(var e,t,s=l.querySelectorAll(\"iframe.wp-embedded-content\"),r=0;r<s.length;r++)(t=(e=s[r]).getAttribute(\"data-secret\"))||(t=Math.random().toString(36).substring(2,12),e.src+=\"#?secret=\"+t,e.setAttribute(\"data-secret\",t)),e.contentWindow.postMessage({message:\"ready\",secret:t},\"*\")},!1)))}(window,document);\n\/\/# sourceURL=https:\/\/www.media4change.co\/wp-includes\/js\/wp-embed.min.js\n\/* ]]> *\/\n<\/script>\n","thumbnail_url":"https:\/\/mlunklm8xjeu.i.optimole.com\/w:285\/h:187\/q:mauto\/f:best\/https:\/\/www.media4change.co\/wp-content\/uploads\/2021\/01\/IMG_2389-285x187-1.jpg","thumbnail_width":285,"thumbnail_height":187,"description":"\u201eMedia4change\u201d jud\u0117jimas pateikia rugs\u0117jo pirm\u0173 savai\u010di\u0173 \u017einiasklaidos steb\u0117senos rezultatus bei kokios tendencijos buvo tas savaites vaizduojant socialin\u0117s atskirties grupes. \u0160ioje ataskaitoje pateikiami duomenys apie LGBT bendruomen\u0117s vaizdavim\u0105, tautini\u0173 ir etnini\u0173 grup\u0173, i\u0161 kuri\u0173 i\u0161skiriame \u017eydus, lenkus ir romus. Taip pat svarbu pamin\u0117ti ir analizuoti, kaip psichikos sutrikim\u0173 turintys asmenys yra vaizduojami Lietuvos \u017einiasklaidos priemon\u0117se. I\u0161 viso analizuota beveik trys \u0161imtai tekst\u0173."}