{"version":"1.0","provider_name":"Media4Change","provider_url":"https:\/\/www.media4change.co\/lt\/","title":"Paai\u0161k\u0117s kelion\u0117s \u012f Afrikos ar Azijos \u0161al\u012f laim\u0117tojas - Media4Change","type":"rich","width":600,"height":338,"html":"<blockquote class=\"wp-embedded-content\" data-secret=\"V0jg5ryClu\"><a href=\"https:\/\/www.media4change.co\/lt\/paaiskes-keliones-i-afrikos-ar-azijos-sali-laimetojas\/\">Paai\u0161k\u0117s kelion\u0117s \u012f Afrikos ar Azijos \u0161al\u012f laim\u0117tojas<\/a><\/blockquote><iframe sandbox=\"allow-scripts\" security=\"restricted\" src=\"https:\/\/www.media4change.co\/lt\/paaiskes-keliones-i-afrikos-ar-azijos-sali-laimetojas\/embed\/#?secret=V0jg5ryClu\" width=\"600\" height=\"338\" title=\"&#8220;Paai\u0161k\u0117s kelion\u0117s \u012f Afrikos ar Azijos \u0161al\u012f laim\u0117tojas&#8221; &#8212; Media4Change\" data-secret=\"V0jg5ryClu\" frameborder=\"0\" marginwidth=\"0\" marginheight=\"0\" scrolling=\"no\" class=\"wp-embedded-content\"><\/iframe><script type=\"text\/javascript\">\n\/* <![CDATA[ *\/\n\/*! This file is auto-generated *\/\n!function(d,l){\"use strict\";l.querySelector&&d.addEventListener&&\"undefined\"!=typeof URL&&(d.wp=d.wp||{},d.wp.receiveEmbedMessage||(d.wp.receiveEmbedMessage=function(e){var t=e.data;if((t||t.secret||t.message||t.value)&&!\/[^a-zA-Z0-9]\/.test(t.secret)){for(var s,r,n,a=l.querySelectorAll('iframe[data-secret=\"'+t.secret+'\"]'),o=l.querySelectorAll('blockquote[data-secret=\"'+t.secret+'\"]'),c=new RegExp(\"^https?:$\",\"i\"),i=0;i<o.length;i++)o[i].style.display=\"none\";for(i=0;i<a.length;i++)s=a[i],e.source===s.contentWindow&&(s.removeAttribute(\"style\"),\"height\"===t.message?(1e3<(r=parseInt(t.value,10))?r=1e3:~~r<200&&(r=200),s.height=r):\"link\"===t.message&&(r=new URL(s.getAttribute(\"src\")),n=new URL(t.value),c.test(n.protocol))&&n.host===r.host&&l.activeElement===s&&(d.top.location.href=t.value))}},d.addEventListener(\"message\",d.wp.receiveEmbedMessage,!1),l.addEventListener(\"DOMContentLoaded\",function(){for(var e,t,s=l.querySelectorAll(\"iframe.wp-embedded-content\"),r=0;r<s.length;r++)(t=(e=s[r]).getAttribute(\"data-secret\"))||(t=Math.random().toString(36).substring(2,12),e.src+=\"#?secret=\"+t,e.setAttribute(\"data-secret\",t)),e.contentWindow.postMessage({message:\"ready\",secret:t},\"*\")},!1)))}(window,document);\n\/\/# sourceURL=https:\/\/www.media4change.co\/wp-includes\/js\/wp-embed.min.js\n\/* ]]> *\/\n<\/script>\n","thumbnail_url":"https:\/\/mlunklm8xjeu.i.optimole.com\/w:285\/h:187\/q:mauto\/f:best\/https:\/\/www.media4change.co\/wp-content\/uploads\/2021\/01\/foto-palestina-di-Martynas-Zaremba-copy-285x187-1.jpg","thumbnail_width":285,"thumbnail_height":187,"description":"Iki rugs\u0117jo 29 dienos, \u017eurnalistai profesionalai ir m\u0117g\u0117jai buvo kvie\u010diami si\u0173sti straipsnius apie besivystan\u010dias \u0161alis. Konkursu siekta pa\u017evelgti \u012f vystom\u0105j\u012f bendradarbiavim\u0105 giliau ir paskatinti vie\u0161as diskusijas apie tai, koks Lietuvos vaidmuo kei\u010diant gyvenim\u0105 \u0161iuose kra\u0161tuose."}