{"version":"1.0","provider_name":"Media4Change","provider_url":"https:\/\/www.media4change.co\/lt\/","title":"Kal\u0117dinis \u201eMedia4Change\u201c lai\u0161kas: apie bendryst\u0119 ir \u017eurnalistikos ateit\u012f - Media4Change","type":"rich","width":600,"height":338,"html":"<blockquote class=\"wp-embedded-content\" data-secret=\"iSc9TPSXSs\"><a href=\"https:\/\/www.media4change.co\/lt\/media4change-ikurejos-ir-vadoves-laiskas\/\">Kal\u0117dinis \u201eMedia4Change\u201c lai\u0161kas: apie bendryst\u0119 ir \u017eurnalistikos ateit\u012f<\/a><\/blockquote><iframe sandbox=\"allow-scripts\" security=\"restricted\" src=\"https:\/\/www.media4change.co\/lt\/media4change-ikurejos-ir-vadoves-laiskas\/embed\/#?secret=iSc9TPSXSs\" width=\"600\" height=\"338\" title=\"&#8220;Kal\u0117dinis \u201eMedia4Change\u201c lai\u0161kas: apie bendryst\u0119 ir \u017eurnalistikos ateit\u012f&#8221; &#8212; Media4Change\" data-secret=\"iSc9TPSXSs\" frameborder=\"0\" marginwidth=\"0\" marginheight=\"0\" scrolling=\"no\" class=\"wp-embedded-content\"><\/iframe><script type=\"text\/javascript\">\n\/* <![CDATA[ *\/\n\/*! This file is auto-generated *\/\n!function(d,l){\"use strict\";l.querySelector&&d.addEventListener&&\"undefined\"!=typeof URL&&(d.wp=d.wp||{},d.wp.receiveEmbedMessage||(d.wp.receiveEmbedMessage=function(e){var t=e.data;if((t||t.secret||t.message||t.value)&&!\/[^a-zA-Z0-9]\/.test(t.secret)){for(var s,r,n,a=l.querySelectorAll('iframe[data-secret=\"'+t.secret+'\"]'),o=l.querySelectorAll('blockquote[data-secret=\"'+t.secret+'\"]'),c=new RegExp(\"^https?:$\",\"i\"),i=0;i<o.length;i++)o[i].style.display=\"none\";for(i=0;i<a.length;i++)s=a[i],e.source===s.contentWindow&&(s.removeAttribute(\"style\"),\"height\"===t.message?(1e3<(r=parseInt(t.value,10))?r=1e3:~~r<200&&(r=200),s.height=r):\"link\"===t.message&&(r=new URL(s.getAttribute(\"src\")),n=new URL(t.value),c.test(n.protocol))&&n.host===r.host&&l.activeElement===s&&(d.top.location.href=t.value))}},d.addEventListener(\"message\",d.wp.receiveEmbedMessage,!1),l.addEventListener(\"DOMContentLoaded\",function(){for(var e,t,s=l.querySelectorAll(\"iframe.wp-embedded-content\"),r=0;r<s.length;r++)(t=(e=s[r]).getAttribute(\"data-secret\"))||(t=Math.random().toString(36).substring(2,12),e.src+=\"#?secret=\"+t,e.setAttribute(\"data-secret\",t)),e.contentWindow.postMessage({message:\"ready\",secret:t},\"*\")},!1)))}(window,document);\n\/\/# sourceURL=https:\/\/www.media4change.co\/wp-includes\/js\/wp-embed.min.js\n\/* ]]> *\/\n<\/script>\n","thumbnail_url":"https:\/\/mlunklm8xjeu.i.optimole.com\/w:1117\/h:930\/q:mauto\/f:best\/https:\/\/www.media4change.co\/wp-content\/uploads\/2024\/12\/Screenshot_2024-12-23_at_13.07.39-1.png","thumbnail_width":1117,"thumbnail_height":930,"description":"Sveiki,  kitais metais leisim\u0117s \u012f nauj\u0105 kelion\u0119. Neatsitiktinai dar \u0161\u012f ruden\u012f tikom\u0117s prie b\u0117gi\u0173, jungian\u010di\u0173 vis\u0105 Lietuv\u0105 \u012f \u017eurnalist\u0173 pokalbius apie nes\u0117kmes, ir sukviet\u0117me skirting\u0173 Lietuvos redakcij\u0173 atstovus. M\u016bs\u0173 tikslas bendras \u2013 g\u0117rio pergal\u0117. K\u0105 tur\u0117jome omenyje?"}