{"version":"1.0","provider_name":"Media4Change","provider_url":"https:\/\/www.media4change.co\/lt\/","title":"\u201eMedia4change\u201d funduoja Lietuvos \u017eurnalist\u0173 kompetencij\u0173 k\u0117lim\u0105 - Media4Change","type":"rich","width":600,"height":338,"html":"<blockquote class=\"wp-embedded-content\" data-secret=\"OTmfFMQwlC\"><a href=\"https:\/\/www.media4change.co\/lt\/media4change-funduoja-lietuvos-zurnalistu-kompetenciju-kelima\/\">\u201eMedia4change\u201d funduoja Lietuvos \u017eurnalist\u0173 kompetencij\u0173 k\u0117lim\u0105<\/a><\/blockquote><iframe sandbox=\"allow-scripts\" security=\"restricted\" src=\"https:\/\/www.media4change.co\/lt\/media4change-funduoja-lietuvos-zurnalistu-kompetenciju-kelima\/embed\/#?secret=OTmfFMQwlC\" width=\"600\" height=\"338\" title=\"&#8220;\u201eMedia4change\u201d funduoja Lietuvos \u017eurnalist\u0173 kompetencij\u0173 k\u0117lim\u0105&#8221; &#8212; Media4Change\" data-secret=\"OTmfFMQwlC\" frameborder=\"0\" marginwidth=\"0\" marginheight=\"0\" scrolling=\"no\" class=\"wp-embedded-content\"><\/iframe><script type=\"text\/javascript\">\n\/* <![CDATA[ *\/\n\/*! This file is auto-generated *\/\n!function(d,l){\"use strict\";l.querySelector&&d.addEventListener&&\"undefined\"!=typeof URL&&(d.wp=d.wp||{},d.wp.receiveEmbedMessage||(d.wp.receiveEmbedMessage=function(e){var t=e.data;if((t||t.secret||t.message||t.value)&&!\/[^a-zA-Z0-9]\/.test(t.secret)){for(var s,r,n,a=l.querySelectorAll('iframe[data-secret=\"'+t.secret+'\"]'),o=l.querySelectorAll('blockquote[data-secret=\"'+t.secret+'\"]'),c=new RegExp(\"^https?:$\",\"i\"),i=0;i<o.length;i++)o[i].style.display=\"none\";for(i=0;i<a.length;i++)s=a[i],e.source===s.contentWindow&&(s.removeAttribute(\"style\"),\"height\"===t.message?(1e3<(r=parseInt(t.value,10))?r=1e3:~~r<200&&(r=200),s.height=r):\"link\"===t.message&&(r=new URL(s.getAttribute(\"src\")),n=new URL(t.value),c.test(n.protocol))&&n.host===r.host&&l.activeElement===s&&(d.top.location.href=t.value))}},d.addEventListener(\"message\",d.wp.receiveEmbedMessage,!1),l.addEventListener(\"DOMContentLoaded\",function(){for(var e,t,s=l.querySelectorAll(\"iframe.wp-embedded-content\"),r=0;r<s.length;r++)(t=(e=s[r]).getAttribute(\"data-secret\"))||(t=Math.random().toString(36).substring(2,12),e.src+=\"#?secret=\"+t,e.setAttribute(\"data-secret\",t)),e.contentWindow.postMessage({message:\"ready\",secret:t},\"*\")},!1)))}(window,document);\n\/\/# sourceURL=https:\/\/www.media4change.co\/wp-includes\/js\/wp-embed.min.js\n\/* ]]> *\/\n<\/script>\n","thumbnail_url":"https:\/\/mlunklm8xjeu.i.optimole.com\/w:285\/h:187\/q:mauto\/f:best\/https:\/\/www.media4change.co\/wp-content\/uploads\/2021\/01\/IMG_8357-285x187-1.jpg","thumbnail_width":285,"thumbnail_height":187,"description":"Media4change ir partneriai \u017durnalistini\u0173 tyrim\u0173 centras (CIJ) suteikia galimyb\u0119 Lietuvoje dirbantiems \u017eurnalistams ar studentams liepos 3-7 dienomis nemokamai dalyvauti kasmetin\u0117je, tarptautin\u0117je Londono tiriamosios \u017eurnalistikos centro konferencijoje. \u010cia \u012fvaldysite naujausius tiriamosios \u017eurnalistikos \u012frankius, su\u017einosite apie tendencijas ir perspektyvas. Gr\u012f\u017e\u0119 i\u0161 konferencijos \u017eurnalistai bus kvie\u010diami savo \u012fgytomis \u017einios pasidalinti su vietos \u017eurnalist\u0173 bendruomene."}