{"version":"1.0","provider_name":"Media4Change","provider_url":"https:\/\/www.media4change.co\/lt\/","title":"Kalbant apie rasizm\u0105 ir galios pozicijas lietuvi\u0173 kalba - Media4Change","type":"rich","width":600,"height":338,"html":"<blockquote class=\"wp-embedded-content\" data-secret=\"XWgBGOXGTg\"><a href=\"https:\/\/www.media4change.co\/lt\/kalbant-apie-rasizma-ir-galios-pozicijas-lietuviu-kalba\/\">Kalbant apie rasizm\u0105 ir galios pozicijas lietuvi\u0173 kalba<\/a><\/blockquote><iframe sandbox=\"allow-scripts\" security=\"restricted\" src=\"https:\/\/www.media4change.co\/lt\/kalbant-apie-rasizma-ir-galios-pozicijas-lietuviu-kalba\/embed\/#?secret=XWgBGOXGTg\" width=\"600\" height=\"338\" title=\"&#8220;Kalbant apie rasizm\u0105 ir galios pozicijas lietuvi\u0173 kalba&#8221; &#8212; Media4Change\" data-secret=\"XWgBGOXGTg\" frameborder=\"0\" marginwidth=\"0\" marginheight=\"0\" scrolling=\"no\" class=\"wp-embedded-content\"><\/iframe><script type=\"text\/javascript\">\n\/* <![CDATA[ *\/\n\/*! This file is auto-generated *\/\n!function(d,l){\"use strict\";l.querySelector&&d.addEventListener&&\"undefined\"!=typeof URL&&(d.wp=d.wp||{},d.wp.receiveEmbedMessage||(d.wp.receiveEmbedMessage=function(e){var t=e.data;if((t||t.secret||t.message||t.value)&&!\/[^a-zA-Z0-9]\/.test(t.secret)){for(var s,r,n,a=l.querySelectorAll('iframe[data-secret=\"'+t.secret+'\"]'),o=l.querySelectorAll('blockquote[data-secret=\"'+t.secret+'\"]'),c=new RegExp(\"^https?:$\",\"i\"),i=0;i<o.length;i++)o[i].style.display=\"none\";for(i=0;i<a.length;i++)s=a[i],e.source===s.contentWindow&&(s.removeAttribute(\"style\"),\"height\"===t.message?(1e3<(r=parseInt(t.value,10))?r=1e3:~~r<200&&(r=200),s.height=r):\"link\"===t.message&&(r=new URL(s.getAttribute(\"src\")),n=new URL(t.value),c.test(n.protocol))&&n.host===r.host&&l.activeElement===s&&(d.top.location.href=t.value))}},d.addEventListener(\"message\",d.wp.receiveEmbedMessage,!1),l.addEventListener(\"DOMContentLoaded\",function(){for(var e,t,s=l.querySelectorAll(\"iframe.wp-embedded-content\"),r=0;r<s.length;r++)(t=(e=s[r]).getAttribute(\"data-secret\"))||(t=Math.random().toString(36).substring(2,12),e.src+=\"#?secret=\"+t,e.setAttribute(\"data-secret\",t)),e.contentWindow.postMessage({message:\"ready\",secret:t},\"*\")},!1)))}(window,document);\n\/\/# sourceURL=https:\/\/www.media4change.co\/wp-includes\/js\/wp-embed.min.js\n\/* ]]> *\/\n<\/script>\n","thumbnail_url":"https:\/\/mlunklm8xjeu.i.optimole.com\/w:285\/h:187\/q:mauto\/f:best\/https:\/\/www.media4change.co\/wp-content\/uploads\/2021\/01\/handcuffed-1251664_1920-285x187-1-1.jpg","thumbnail_width":285,"thumbnail_height":187,"description":"Kalb\u0117dami apie situacij\u0105 Amerikoje, protestus ir rasizm\u0105 yra labai svarbu tai, kokias s\u0105vokas vartojame ir kaip formuojame savo \u017einut\u0119. Ne visada randame tinkamus lietuvi\u0161kus atitikmenis angli\u0161kiems terminams. Norime pasidalinti \u017eodynu, kuris pagelb\u0117s rasti tinkamus \u017eod\u017eius kalbant apie rasizm\u0105, gali\u0105 su savo \u0161eima, draugais, vyresnio am\u017eiaus \u017emon\u0117mis."}